{"id":7157,"date":"2024-07-12T10:55:19","date_gmt":"2024-07-12T14:55:19","guid":{"rendered":"https:\/\/feltkutur.com\/saint-lambert-insonorisation-salle-communautaire\/"},"modified":"2024-07-12T11:14:06","modified_gmt":"2024-07-12T15:14:06","slug":"saint-lambert-insonorisation-salle-communautaire","status":"publish","type":"page","link":"https:\/\/feltkutur.com\/fr\/saint-lambert-insonorisation-salle-communautaire\/","title":{"rendered":"Saint-Lambert &#8211; Insonorisation salle communautaire"},"content":{"rendered":"\n<h1>\n\t\tTRAITEMENT ACOUSTIQUE DE LA SALLE COMMUNAUTAIRE DE SAINT-LAMBERT-DE-LAUZON\n\t<\/h1>\n<h2>\n\t\tAvec les solutions acoustiques Feltk\u00fctur\n\t<\/h2>\n\t<p>La municipalit\u00e9 de Saint-Lambert-de-Lauzon a r\u00e9cemment entrepris la r\u00e9novation de sa salle communautaire afin d&#8217;am\u00e9liorer l&#8217;exp\u00e9rience des usagers gr\u00e2ce \u00e0 une <strong>qualit\u00e9 sonore optimis\u00e9e<\/strong>. Ce projet a vu le jour gr\u00e2ce \u00e0 une collaboration fructueuse entre <a href=\"https:\/\/feltkutur.com\/fr\/\"><strong>Feltk\u00fctur<\/strong> <\/a>et son distributeur <strong><a href=\"https:\/\/emblm.com\/nos-marques\/feltkutur\/\">Emblm<\/a><\/strong>.<\/p>\n<p>Emblm et Feltk\u00fctur se sont associ\u00e9s pour offrir une solution compl\u00e8te et int\u00e9gr\u00e9e de r\u00e9duction des nuisances sonores. Ensemble, ils ont obtenu le mandat de transformer la salle communautaire en un espace o\u00f9 la qualit\u00e9 sonore est \u00e0 la hauteur des attentes des utilisateurs, qu&#8217;il s&#8217;agisse de r\u00e9unions, de spectacles ou d&#8217;autres \u00e9v\u00e9nements communautaires.<\/p>\n<h2>\n\t\tUTILISATION DES PANNEAUX TEKBOARD STUDIO\n\t<\/h2>\n\t<p>Les panneaux acoustiques <a href=\"https:\/\/feltkutur.com\/fr\/tekboard-studio\/\"><strong>Tekboard <\/strong><strong>Studio <\/strong><\/a>de Feltk\u00fctur ont \u00e9t\u00e9 choisis comme solution optimale d&#8217;absorption acoustique pour ce grand espace.<\/p>\n<p>Plusieurs panneaux ont \u00e9t\u00e9 install\u00e9s sur les murs de la salle communautaire, assurant un confort acoustique et ajoutant une touche esth\u00e9tique \u00e0 l&#8217;environnement.<\/p>\n<p>La particularit\u00e9 de <a href=\"https:\/\/feltkutur.com\/fr\/tekboard-studio\/\"><strong>Tekboard Studio<\/strong><\/a> r\u00e9side dans sa structure en nid d&#8217;abeille. Non seulement elle renforce le panneau, lui conf\u00e9rant <strong>solidit\u00e9<\/strong> et <strong>durabilit\u00e9<\/strong>, mais elle garantit \u00e9galement une <strong>l\u00e9g\u00e8ret\u00e9<\/strong> exceptionnelle.<\/p>\n<h2>\n\t\t<a href=\"https:\/\/feltkutur.com\/fr\/3d-acoustic-tool\/\" title=\"D\u00c9COUVREZ FELTK\u00dcTUR ILLUSION\" target=\"_self\" rel=\"noopener\">\n\t\tD\u00c9COUVREZ FELTK\u00dcTUR ILLUSION\n\t\t<\/a>\n\t<\/h2>\n\t<iframe width=\"560\" height=\"315\" src=\"https:\/\/www.youtube.com\/embed\/XaRQ9ZtG74o\" title=\"YouTube video player\" frameborder=\"0\" allow=\"accelerometer; autoplay; clipboard-write; encrypted-media; gyroscope; picture-in-picture; web-share\" allowfullscreen><\/iframe>\n\t<p>&nbsp;<\/p>\n<p>L&#8217;\u00e9l\u00e9ment central de ce projet repose sur l&#8217;utilisation du configurateur 3D,<a href=\"https:\/\/feltkutur.com\/fr\/3d-acoustic-tool\/\"><strong> Feltk\u00fctur Illusion<\/strong><\/a>. Cet outil innovant a permis \u00e0 Emblm et \u00e0 Feltk\u00fctur de concevoir un concept visuel d\u00e9taill\u00e9, offrant \u00e0 la municipalit\u00e9 de Saint-Lambert un <strong>aper\u00e7u pr\u00e9cis<\/strong> de la solution propos\u00e9e avant m\u00eame le d\u00e9but des travaux. Ils ont ainsi pu valider visuellement les modifications acoustiques envisag\u00e9es, ce qui a grandement <strong>facilit\u00e9 le processus de prise de d\u00e9cision<\/strong>.\u00a0<\/p>\n\tEn conclusion, la r\u00e9novation acoustique de la salle communautaire de Saint-Lambert-de-Lauzon, men\u00e9e par <a href=\"https:\/\/emblm.com\/nos-marques\/feltkutur\/\"><strong>Emblm<\/strong> <\/a>et <a href=\"https:\/\/feltkutur.com\/fr\/\"><strong>Feltk\u00fctur<\/strong><\/a>, illustre parfaitement comment la technologie moderne et la collaboration strat\u00e9gique peuvent mener \u00e0 des am\u00e9liorations significatives dans les espaces publics. Ce projet d\u00e9montre l&#8217;engagement des deux entreprises \u00e0 fournir des solutions d&#8217;insonorisation de haute qualit\u00e9 tout en r\u00e9pondant aux besoins sp\u00e9cifiques des communaut\u00e9s locales.<br \/>\n\n\t<a href=\"https:\/\/feltkutur.com\/fr\/contactez-nous\/\" target=\"_blank\" rel=\"noopener\">OBTENEZ UNE SOUMISSION POUR VOTRE PROJET!<br \/>\n<\/a>\n\n","protected":false},"excerpt":{"rendered":"<p>TRAITEMENT ACOUSTIQUE DE LA SALLE COMMUNAUTAIRE DE SAINT-LAMBERT-DE-LAUZON Avec les solutions acoustiques Feltk\u00fctur La municipalit\u00e9 de Saint-Lambert-de-Lauzon a r\u00e9cemment entrepris la r\u00e9novation de sa salle communautaire afin d&#8217;am\u00e9liorer l&#8217;exp\u00e9rience des usagers gr\u00e2ce \u00e0 une qualit\u00e9 sonore optimis\u00e9e. Ce projet a vu le jour gr\u00e2ce \u00e0 une collaboration fructueuse entre Feltk\u00fctur et son distributeur Emblm. Emblm [&#8230;]<\/p>\n<p><a class=\"btn btn-secondary understrap-read-more-link\" href=\"https:\/\/feltkutur.com\/fr\/saint-lambert-insonorisation-salle-communautaire\/\">Read More&#8230;<\/a><\/p>\n","protected":false},"author":5,"featured_media":0,"parent":0,"menu_order":0,"comment_status":"closed","ping_status":"closed","template":"","meta":{"_seopress_robots_primary_cat":"","_seopress_titles_title":"","_seopress_titles_desc":"","_seopress_robots_index":"","footnotes":""},"class_list":["post-7157","page","type-page","status-publish"],"_links":{"self":[{"href":"https:\/\/feltkutur.com\/fr\/wp-json\/wp\/v2\/pages\/7157","targetHints":{"allow":["GET"]}}],"collection":[{"href":"https:\/\/feltkutur.com\/fr\/wp-json\/wp\/v2\/pages"}],"about":[{"href":"https:\/\/feltkutur.com\/fr\/wp-json\/wp\/v2\/types\/page"}],"author":[{"embeddable":true,"href":"https:\/\/feltkutur.com\/fr\/wp-json\/wp\/v2\/users\/5"}],"replies":[{"embeddable":true,"href":"https:\/\/feltkutur.com\/fr\/wp-json\/wp\/v2\/comments?post=7157"}],"version-history":[{"count":0,"href":"https:\/\/feltkutur.com\/fr\/wp-json\/wp\/v2\/pages\/7157\/revisions"}],"wp:attachment":[{"href":"https:\/\/feltkutur.com\/fr\/wp-json\/wp\/v2\/media?parent=7157"}],"curies":[{"name":"wp","href":"https:\/\/api.w.org\/{rel}","templated":true}]}}