{"id":4525,"date":"2022-04-25T07:37:51","date_gmt":"2022-04-25T11:37:51","guid":{"rendered":"https:\/\/feltkutur.com\/workshop\/"},"modified":"2022-07-29T11:38:50","modified_gmt":"2022-07-29T15:38:50","slug":"workshop","status":"publish","type":"page","link":"https:\/\/feltkutur.com\/fr\/workshop\/","title":{"rendered":"Atelier de travail"},"content":{"rendered":"\n<h1>\n\t\tVivre plus vert et aller plus loin que jamais\n\t<\/h1>\n\t<p>Le projet pilote de recyclage des textiles du Canada se traduira par un nouveau produit final compos\u00e9 \u00e0 50% de textiles post-consommation (nos v\u00eatements ind\u00e9sirables) et \u00e0 50% de rPET (provenant de bouteilles en plastique).&nbsp;<\/p>\n<p>Gr\u00e2ce au soutien financier d&rsquo;<strong><em>Environnement et Changement Climatique Canada <\/em><\/strong>(ECCC), nous avons cr\u00e9\u00e9 une cha\u00eene d&rsquo;approvisionnement locale de recyclage qui comprend&nbsp;:<\/p>\n<ul>\n<li><a href=\"https:\/\/www.sportchek.ca\/\"><strong>SportChek<\/strong> <\/a>(partenaire de vente au d\u00e9tail qui collecte les v\u00eatements usag\u00e9s)<\/li>\n<li><a href=\"https:\/\/goodwillindustries.ca\/\"><strong>GoodWill<\/strong> <\/a>(partenaire de collecte de bienfaisance qui a tri\u00e9 et nettoy\u00e9 les v\u00eatements)<\/li>\n<li><a href=\"https:\/\/jasztex.com\/fr\/\"><strong>Jasztex <\/strong><\/a>(d\u00e9chiqueteur textile industrielle qui transforme les v\u00eatements en fibres recycl\u00e9es)<\/li>\n<li><a href=\"http:\/\/www.alkegen.com\"><strong>Alkegen<\/strong><\/a>, auparavant Texel (partenaire de fabrication qui a cr\u00e9\u00e9 les feutres recycl\u00e9s)<\/li>\n<li><strong><a href=\"http:\/\/www.chrrroma.ca\">Marianne Mercier<\/a>, conceptrice<\/strong> (designer de produits feutr\u00e9s)<\/li>\n<li><a href=\"http:\/\/www.canadiantire.ca\"><strong>Canadian Tire<\/strong><\/a> (d\u00e9taillant qui vendra le produit final dans certains magasins)<\/li>\n<\/ul>\n<p>&nbsp;<\/p>\n\t<p>L&rsquo;atelier de travail a eu lieu dans l&rsquo;usine d<strong>&lsquo;Alkegen,<\/strong> situ\u00e9 \u00e0 St-Elz\u00e9ar de Beauce, Qu\u00e9bec, Canada.&nbsp; L&rsquo;atelier a commenc\u00e9 par une visite d&rsquo;usine, afin que les participants puissent comprendre le proc\u00e9d\u00e9 de non-tiss\u00e9 qui permet de fabriquer un feutre \u00e0 partir de mati\u00e8re recycl\u00e9e.&nbsp; Par la suite, les participants ont r\u00e9alis\u00e9 une session de travail anim\u00e9 par Marianne Mercier, afin d&rsquo;\u00e9changer sur des id\u00e9es de concepts faits \u00e0 partir de feutre compos\u00e9 de mati\u00e8res recycl\u00e9es. Ces <strong>objets<\/strong>&nbsp;issus du&nbsp;<strong>recyclage<\/strong>&nbsp;sont certainement les pr\u00e9curseurs de ce qui constituera le quotidien du&nbsp;<strong>futur<\/strong>. En attendant, <strong>Canadian Tire<\/strong> prend des&nbsp;<strong>initiatives environnementales<\/strong>, testant l&rsquo;improbable et obtenant des r\u00e9sultats qui seront surprenants.<\/p>\n\t\t\t\t<img decoding=\"async\" src=\"https:\/\/feltkutur.com\/wp-content\/uploads\/Alkegen-Workshop-11-scaled.jpg\" alt=\"Alkegen Workshop-11\" itemprop=\"image\" title=\"Alkegen Workshop-11\" onerror=\"this.style.display='none'\" width=\"2560\" height=\"1707\">\n\t\t\t<img decoding=\"async\" loading=\"false\" src=\"https:\/\/feltkutur.com\/wp-content\/uploads\/Alkegen-Workshop-16-scaled.jpg\" alt=\"\">\t\t\t\n\t\t\t<img decoding=\"async\" loading=\"false\" src=\"https:\/\/feltkutur.com\/wp-content\/uploads\/Alkegen-Workshop-5-scaled.jpg\" alt=\"\">\t\t\t\n\t\t\t<img decoding=\"async\" loading=\"false\" src=\"https:\/\/feltkutur.com\/wp-content\/uploads\/Alkegen-Workshop-4-scaled.jpg\" alt=\"\">\t\t\t\n\t\t\t<img decoding=\"async\" loading=\"false\" src=\"https:\/\/feltkutur.com\/wp-content\/uploads\/Usine-St-Elz\u00e9ar-avec-mots.png\" alt=\"\">\t\t\t\n\t<p>Nous savons qu&rsquo;au moins 500 000 tonnes de d\u00e9chets textiles post-consommation aboutissent chaque ann\u00e9e dans les sites d&rsquo;enfouissement du Canada, dont bon nombre sont des v\u00eatements faits de mat\u00e9riaux synth\u00e9tiques (ou de plastique) comme le polyester, le nylon et l&rsquo;acrylique. Et pour y rem\u00e9dier, nous avons besoin d&rsquo;une solution imm\u00e9diate.<\/p>\n\t<p>Nous recyclons m\u00e9caniquement les textiles depuis des ann\u00e9es au Canada, ce qui se traduit le plus souvent par un produit final qui n&rsquo;est pas esth\u00e9tique, \u00ab cach\u00e9 \u00bb derri\u00e8re les murs ou sous les tapis sous forme d&rsquo;isolant ou de sous-rembourrage. Ce produit final \u00ab d\u00e9class\u00e9 \u00bb a peu de valeur. Notre projet pilote se traduira par un produit fini \u00e9l\u00e9gant, ayant de la valeur, destin\u00e9 aux consommateurs et disponible en magasin \u00e0 l&rsquo;automne ou \u00e0 l&rsquo;hiver 2022.<\/p>\n","protected":false},"excerpt":{"rendered":"<p>Vivre plus vert et aller plus loin que jamais Le projet pilote de recyclage des textiles du Canada se traduira par un nouveau produit final compos\u00e9 \u00e0 50% de textiles post-consommation (nos v\u00eatements ind\u00e9sirables) et \u00e0 50% de rPET (provenant de bouteilles en plastique).&nbsp; Gr\u00e2ce au soutien financier d&rsquo;Environnement et Changement Climatique Canada (ECCC), nous [&#8230;]<\/p>\n<p><a class=\"btn btn-secondary understrap-read-more-link\" href=\"https:\/\/feltkutur.com\/fr\/workshop\/\">Read More&#8230;<\/a><\/p>\n","protected":false},"author":1,"featured_media":0,"parent":0,"menu_order":0,"comment_status":"closed","ping_status":"closed","template":"","meta":{"_seopress_robots_primary_cat":"","_seopress_titles_title":"","_seopress_titles_desc":"","_seopress_robots_index":"","_seopress_analysis_target_kw":"","footnotes":""},"class_list":["post-4525","page","type-page","status-publish"],"_links":{"self":[{"href":"https:\/\/feltkutur.com\/fr\/wp-json\/wp\/v2\/pages\/4525","targetHints":{"allow":["GET"]}}],"collection":[{"href":"https:\/\/feltkutur.com\/fr\/wp-json\/wp\/v2\/pages"}],"about":[{"href":"https:\/\/feltkutur.com\/fr\/wp-json\/wp\/v2\/types\/page"}],"author":[{"embeddable":true,"href":"https:\/\/feltkutur.com\/fr\/wp-json\/wp\/v2\/users\/1"}],"replies":[{"embeddable":true,"href":"https:\/\/feltkutur.com\/fr\/wp-json\/wp\/v2\/comments?post=4525"}],"version-history":[{"count":0,"href":"https:\/\/feltkutur.com\/fr\/wp-json\/wp\/v2\/pages\/4525\/revisions"}],"wp:attachment":[{"href":"https:\/\/feltkutur.com\/fr\/wp-json\/wp\/v2\/media?parent=4525"}],"curies":[{"name":"wp","href":"https:\/\/api.w.org\/{rel}","templated":true}]}}