{"id":3414,"date":"2021-06-09T13:50:08","date_gmt":"2021-06-09T17:50:08","guid":{"rendered":"https:\/\/feltkutur.com\/retraite-denis\/"},"modified":"2022-08-02T16:05:01","modified_gmt":"2022-08-02T20:05:01","slug":"retraite-denis","status":"publish","type":"page","link":"https:\/\/feltkutur.com\/fr\/retraite-denis\/","title":{"rendered":"Panneaux acoutisques employ\u00e9 retrait\u00e9 Denis"},"content":{"rendered":"\n<h1>\n\t\tNotre pionnier \u00e0 la grande ing\u00e9niosit\u00e9\n\t<\/h1>\n\t\t\t\t<img decoding=\"async\" src=\"https:\/\/feltkutur.com\/wp-content\/uploads\/BONNE-RETRAITE-FR-1.png\" alt=\"Acoustic wall panels\" itemprop=\"image\" height=\"1038\" width=\"2000\" title=\"Acoustic wall panels\" onerror=\"this.style.display='none'\"  \/>\n\t<p>C&#8217;est avec tristesse et joie que notre coll\u00e8gue Denis Laplante prend sa retraite apr\u00e8s 48 ans de service chez Texel. Denis s&#8217;est joint \u00e0 Texel en 1972 et a pratiquement vu l&#8217;entreprise grandir sous les trois propri\u00e9taires. Il a d&#8217;abord assist\u00e9 l&#8217;\u0153uvre entrepreneuriale des fr\u00e8res Chass\u00e9, qui ont fond\u00e9 Texel en 1967. Les fr\u00e8res Germain, Gilbert, Marcel &amp; Richard Chass\u00e9 ont implant\u00e9 les premi\u00e8res lignes de non-tiss\u00e9s pour cr\u00e9er une multitude de produits, comme le Curltex et la S\u00e9rie 76. \u00a0Il a ensuite vu l&#8217;acquisition de Texel par l&#8217;entreprise publique ADS inc. Sous la gouverne d&#8217;ADS, l&#8217;entreprise a connu une grande croissance et une diversification des march\u00e9s tels que le secteur m\u00e9dical, l&#8217;automobile, l&#8217;horticulture, la filtration et les g\u00e9otextiles a \u00e9t\u00e9 possible, gr\u00e2ce \u00e0 l&#8217;ing\u00e9niosit\u00e9 beauceronne. Finalement, depuis 2016, Texel a rejoint les rangs de Lydall et fait maintenant partie de l&#8217;\u00e9lite mondiale dans l&#8217;industrie des non-tiss\u00e9s.<\/p>\n\tDenis a d\u00e9but\u00e9 \u00e0 titre d&#8217;Op\u00e9rateur de production et a ensuite rejoint les rangs du d\u00e9partement de recherche et d\u00e9veloppement. Il a particip\u00e9 \u00e0 l&#8217;installation de notre ligne de prototypage et est l&#8217;un des principaux artisans de la r\u00e9alisation du laboratoire. Denis nous rappelait constamment ses racines beauceronnes, en nous parlant de son p\u00e8re qui \u00e9tait agriculteur. Son p\u00e8re avait toujours trois outils dans sa salopette. Une paire de pinces, de la broche et quelques clous rouill\u00e9s.\u00a0 Avec cela, il r\u00e9alisait beaucoup de projets. C&#8217;\u00e9tait sa fa\u00e7on \u00e0 lui de nous dire qu&#8217;il fallait faire preuve de beaucoup d&#8217;ing\u00e9niosit\u00e9 avec peu de moyens. C&#8217;est avec cette ing\u00e9niosit\u00e9 qu&#8217;il a cr\u00e9\u00e9 les chaussons thermiques multicouches Thermoplus, de l&#8217;entreprise Sorel. Il acquit ses lettres de noblesse avec le brevet de la semelle (premi\u00e8re de base) Summumtex, que l&#8217;on retrouve toujours dans les bottes militaires canadiennes.\u00a0 Son esprit \u00ab patenteux \u00bb, lui a permis de d\u00e9velopper un \u00e9quipement \u00e0 la flamme, pour permettre lamination et le traitement\u00a0 de surface des non-tiss\u00e9s.\u00a0 <br \/>\n\n\t\t\t\t<img decoding=\"async\" src=\"https:\/\/feltkutur.com\/wp-content\/uploads\/Bottes-dhiver-scaled.jpg\" alt=\"Bottes d'hiver\" itemprop=\"image\" height=\"2560\" width=\"1707\" title=\"Bottes d'hiver\" onerror=\"this.style.display='none'\"  \/>\n\t<p>Il se retrouve \u00e9galement derri\u00e8re la cr\u00e9ation d&#8217;un atomiseur de traitement d&#8217;hydrophobe pour le premier contrat automobile de Texel. Ceux qui ont c\u00f4toy\u00e9 Denis l&#8217;ont souvent entendu dire \u00ab\u00a0 je compte mes pas \u00bb, qui \u00e9tait sa fa\u00e7on\u00a0 de dire qu&#8217;il faut penser avant d&#8217;agir. Denis nous laisse un h\u00e9ritage technologique immesurable qui continuera de grandir avec l&#8217;\u00e9quipe Texel en place.<\/p>\n<p>Avec ses 48 ann\u00e9es de services qui faisait de lui notre doyen, il pouvait dire avoir \u00e9t\u00e9 t\u00e9moin de chacune de nos arriv\u00e9es chez Texel, nous avons tous eu le plaisir de travailler avec lui, et lui souhaitons le meilleur dans sa retraite bien m\u00e9rit\u00e9e.<\/p>\n<p>Merci Denis!<\/p>\n\n","protected":false},"excerpt":{"rendered":"<p>Notre pionnier \u00e0 la grande ing\u00e9niosit\u00e9 C&#8217;est avec tristesse et joie que notre coll\u00e8gue Denis Laplante prend sa retraite apr\u00e8s 48 ans de service chez Texel. Denis s&#8217;est joint \u00e0 Texel en 1972 et a pratiquement vu l&#8217;entreprise grandir sous les trois propri\u00e9taires. Il a d&#8217;abord assist\u00e9 l&#8217;\u0153uvre entrepreneuriale des fr\u00e8res Chass\u00e9, qui ont fond\u00e9 [&#8230;]<\/p>\n<p><a class=\"btn btn-secondary understrap-read-more-link\" href=\"https:\/\/feltkutur.com\/fr\/retraite-denis\/\">Read More&#8230;<\/a><\/p>\n","protected":false},"author":1,"featured_media":0,"parent":0,"menu_order":0,"comment_status":"closed","ping_status":"closed","template":"","meta":{"_seopress_robots_primary_cat":"","_seopress_titles_title":"","_seopress_titles_desc":"Denis Laplante prend sa retraite apr\u00e8s 48 ans de service chez Texel. Denis s\u2019est joint \u00e0 Texel en 1972.","_seopress_robots_index":"","footnotes":""},"class_list":["post-3414","page","type-page","status-publish"],"_links":{"self":[{"href":"https:\/\/feltkutur.com\/fr\/wp-json\/wp\/v2\/pages\/3414","targetHints":{"allow":["GET"]}}],"collection":[{"href":"https:\/\/feltkutur.com\/fr\/wp-json\/wp\/v2\/pages"}],"about":[{"href":"https:\/\/feltkutur.com\/fr\/wp-json\/wp\/v2\/types\/page"}],"author":[{"embeddable":true,"href":"https:\/\/feltkutur.com\/fr\/wp-json\/wp\/v2\/users\/1"}],"replies":[{"embeddable":true,"href":"https:\/\/feltkutur.com\/fr\/wp-json\/wp\/v2\/comments?post=3414"}],"version-history":[{"count":0,"href":"https:\/\/feltkutur.com\/fr\/wp-json\/wp\/v2\/pages\/3414\/revisions"}],"wp:attachment":[{"href":"https:\/\/feltkutur.com\/fr\/wp-json\/wp\/v2\/media?parent=3414"}],"curies":[{"name":"wp","href":"https:\/\/api.w.org\/{rel}","templated":true}]}}