{"id":2692,"date":"2020-08-17T13:46:40","date_gmt":"2020-08-17T17:46:40","guid":{"rendered":"https:\/\/feltkutur.com\/texel-derriere-feltkutur-3-3\/"},"modified":"2023-01-16T10:25:11","modified_gmt":"2023-01-16T15:25:11","slug":"texel-derriere-feltkutur-3-3","status":"publish","type":"page","link":"https:\/\/feltkutur.com\/fr\/texel-derriere-feltkutur-3-3\/","title":{"rendered":"Texel derri\u00e8re Feltk\u00fctur 3\/3"},"content":{"rendered":"\n\n\t\t\t<img decoding=\"async\" loading='false' src=\"https:\/\/feltkutur.com\/wp-content\/uploads\/TEXE2019-69-1-scaled.jpg\" alt=\"\" \/>\t\t\t\n\t\t\t<img decoding=\"async\" loading='false' src=\"https:\/\/feltkutur.com\/wp-content\/uploads\/20230111_112907.jpg\" alt=\"\" \/>\t\t\t\n<h1>\n\t\tDE TEXEL \u00c0 ALKEGEN\n\t<\/h1>\n<h3>\n\t\tPARTIE 3\n\t<\/h3>\n<h3>\n\t\t2000\n\t<\/h3>\n\tAlors que plusieurs craignent le bogue de l&#8217;an 2000, Texel fait l&#8217;installation d&#8217;une nouvelle ligne de production que l&#8217;on nomme L08 et on d\u00e9m\u00e9nage le si\u00e8ge social \u00e0 Saint-Elz\u00e9ar. En 2003, Texel proc\u00e8de \u00e0 l&#8217;achat d&#8217;un terrain et d&#8217;un b\u00e2timent \u00e0 Sainte-Marie, o\u00f9 se tenaient anciennement les locaux de Bose Canada. On y installe une autre nouvelle ligne de production que l&#8217;on nomme L09.<br \/>\n\n\t\t\t\t<img decoding=\"async\" src=\"https:\/\/feltkutur.com\/wp-content\/uploads\/Usine-St-Elz\u00e9ar-avec-mots.png\" alt=\"Usine-St-Elz\u00e9ar\" itemprop=\"image\" height=\"1080\" width=\"1920\" title=\"Usine-St-Elz\u00e9ar\" onerror=\"this.style.display='none'\"  \/>\n\t\t\t\t<img decoding=\"async\" src=\"https:\/\/feltkutur.com\/wp-content\/uploads\/Usine-Ste-Marie-avec-mots.png\" alt=\"Usine-Ste-Marie-avec-mots\" itemprop=\"image\" height=\"1080\" width=\"1920\" title=\"Usine-Ste-Marie-avec-mots\" onerror=\"this.style.display='none'\"  \/>\n<h3>\n\t\t2007\n\t<\/h3>\n\t<p>En 2007, Texel fait l&#8217;acquisition de la compagnie BeckwithBemis \u00e0 Sherbrooke. Cette division deviendra la plateforme Mat\u00e9riaux Enduits en 2010.<\/p>\n\t\t\t\t<img decoding=\"async\" src=\"https:\/\/feltkutur.com\/wp-content\/uploads\/Capsule10.1.png\" alt=\"Capsule#10.1\" itemprop=\"image\" height=\"215\" width=\"921\" title=\"Capsule#10.1\" onerror=\"this.style.display='none'\"  \/>\n<h3>\n\t\t2009\n\t<\/h3>\n\t<p>En 2009, ADS Inc. devient une entreprise priv\u00e9e, Texel en demeurant la plus importante division. En 2013, on proc\u00e8de au deuxi\u00e8me agrandissement de l&#8217;usine de Sainte-Marie pour y accueillir une nouvelle ligne de production que l&#8217;on nomme L10.<\/p>\n\t\t\t\t<img decoding=\"async\" src=\"https:\/\/feltkutur.com\/wp-content\/uploads\/Capsule11.1.png\" alt=\"Prod. Line\" itemprop=\"image\" height=\"316\" width=\"655\" title=\"Prod. Line\" onerror=\"this.style.display='none'\"  \/>\n<h3>\n\t\t2016\n\t<\/h3>\n\t<p>En juillet 2016, la compagnie am\u00e9ricaine Lydall fait l&#8217;acquisition de Texel qui devient par la suite Texel Mat\u00e9riaux Techniques, Inc. et qui fait d\u00e9sormais partie de la division de Lydall Technical Nonwovens.<\/p>\n<p>En 2017, Texel c\u00e9l\u00e8bre ses 50 ans!\u00a0<\/p>\n<p>\u00a0<\/p>\n\t\t\t\t<img decoding=\"async\" src=\"https:\/\/feltkutur.com\/wp-content\/uploads\/Lydall-TNW-RGB.png\" alt=\"Lydall-TNW-RGB\" itemprop=\"image\" height=\"261\" width=\"832\" title=\"Lydall-TNW-RGB\" onerror=\"this.style.display='none'\"  \/>\n<h3>\n\t\t2022\n\t<\/h3>\n\tEn 2022, Unifrax a fait l&#8217;acquisition de Lydall, pour devenir Alkegen. <br \/>\n\n<p>Le nouveau groupe <strong><a href=\"http:\/\/www.alkegen.com\">Alkegen<\/a> <\/strong>combine deux des principales plateformes mondiales de d\u00e9veloppement et de commercialisation de mat\u00e9riaux techniques sp\u00e9cialis\u00e9s et cr\u00e9e une nouvelle entreprise unifi\u00e9e ax\u00e9e sur l&#8217;innovation.<\/p>\nAlkegen est bien positionn\u00e9 en tant que leader dans le domaine des mat\u00e9riaux techniques sp\u00e9cialis\u00e9s y compris les technologies de batterie d\u00e9di\u00e9es aux v\u00e9hicules \u00e9lectriques, les m\u00e9dias de filtration haute efficacit\u00e9 ainsi que les mat\u00e9riaux d&#8217;isolation et de construction sp\u00e9cialis\u00e9s qui permettent aux<br \/>\nclients de r\u00e9duire la consommation de combustibles fossiles, d&#8217;\u00e9conomiser de l&#8217;\u00e9nergie, de r\u00e9duire leur empreinte environnementale et de vivre plus \u00e9cologiquement.\n<p> Texel est maintenant Alkegen!<\/p>\n\t\t\t\t<img decoding=\"async\" src=\"https:\/\/feltkutur.com\/wp-content\/uploads\/Alkegen-RH-2022-57-scaled.jpg\" alt=\"Alkegen RH 2022-57\" itemprop=\"image\" height=\"1707\" width=\"2560\" title=\"Alkegen RH 2022-57\" onerror=\"this.style.display='none'\"  \/>\n\t\t\t\t<img decoding=\"async\" src=\"https:\/\/feltkutur.com\/wp-content\/uploads\/AlkegenStillNoLogo-7-scaled.jpg\" alt=\"AlkegenStillNoLogo-7\" itemprop=\"image\" height=\"1350\" width=\"2560\" title=\"AlkegenStillNoLogo-7\" onerror=\"this.style.display='none'\"  \/>\n\t\t\t\t<img decoding=\"async\" src=\"https:\/\/feltkutur.com\/wp-content\/uploads\/Alkegen-RH-2022-74-scaled.jpg\" alt=\"Alkegen RH 2022-74\" itemprop=\"image\" height=\"1707\" width=\"2560\" title=\"Alkegen RH 2022-74\" onerror=\"this.style.display='none'\"  \/>\n\t\t\t\t<img decoding=\"async\" src=\"https:\/\/feltkutur.com\/wp-content\/uploads\/AlkegenStillNoLogo-11-scaled.jpg\" alt=\"AlkegenStillNoLogo-11\" itemprop=\"image\" height=\"1350\" width=\"2560\" title=\"AlkegenStillNoLogo-11\" onerror=\"this.style.display='none'\"  \/>\n\n","protected":false},"excerpt":{"rendered":"<p>DE TEXEL \u00c0 ALKEGEN PARTIE 3 2000 Alors que plusieurs craignent le bogue de l&#8217;an 2000, Texel fait l&#8217;installation d&#8217;une nouvelle ligne de production que l&#8217;on nomme L08 et on d\u00e9m\u00e9nage le si\u00e8ge social \u00e0 Saint-Elz\u00e9ar. En 2003, Texel proc\u00e8de \u00e0 l&#8217;achat d&#8217;un terrain et d&#8217;un b\u00e2timent \u00e0 Sainte-Marie, o\u00f9 se tenaient anciennement les locaux [&#8230;]<\/p>\n<p><a class=\"btn btn-secondary understrap-read-more-link\" href=\"https:\/\/feltkutur.com\/fr\/texel-derriere-feltkutur-3-3\/\">Read More&#8230;<\/a><\/p>\n","protected":false},"author":1,"featured_media":0,"parent":0,"menu_order":0,"comment_status":"closed","ping_status":"closed","template":"","meta":{"_seopress_robots_primary_cat":"","_seopress_titles_title":"","_seopress_titles_desc":"Aujourd\u2019hui, on peut dire que Texel a grandement \u00e9volu\u00e9. L'entreprise sert d\u00e9sormais des clients r\u00e9partis internationalement et dans de nombreux domaines.","_seopress_robots_index":"","footnotes":""},"class_list":["post-2692","page","type-page","status-publish"],"_links":{"self":[{"href":"https:\/\/feltkutur.com\/fr\/wp-json\/wp\/v2\/pages\/2692","targetHints":{"allow":["GET"]}}],"collection":[{"href":"https:\/\/feltkutur.com\/fr\/wp-json\/wp\/v2\/pages"}],"about":[{"href":"https:\/\/feltkutur.com\/fr\/wp-json\/wp\/v2\/types\/page"}],"author":[{"embeddable":true,"href":"https:\/\/feltkutur.com\/fr\/wp-json\/wp\/v2\/users\/1"}],"replies":[{"embeddable":true,"href":"https:\/\/feltkutur.com\/fr\/wp-json\/wp\/v2\/comments?post=2692"}],"version-history":[{"count":0,"href":"https:\/\/feltkutur.com\/fr\/wp-json\/wp\/v2\/pages\/2692\/revisions"}],"wp:attachment":[{"href":"https:\/\/feltkutur.com\/fr\/wp-json\/wp\/v2\/media?parent=2692"}],"curies":[{"name":"wp","href":"https:\/\/api.w.org\/{rel}","templated":true}]}}