{"id":2400,"date":"2020-01-24T11:23:36","date_gmt":"2020-01-24T16:23:36","guid":{"rendered":"https:\/\/feltkutur.com\/exposition-itinerante\/"},"modified":"2022-08-01T13:26:10","modified_gmt":"2022-08-01T17:26:10","slug":"exposition-itinerante","status":"publish","type":"page","link":"https:\/\/feltkutur.com\/fr\/exposition-itinerante\/","title":{"rendered":"Exposition itin\u00e9rante"},"content":{"rendered":"\n<h3>\n\t\tExposition itin\u00e9rante: SON, QUE DU SON!\n\t<\/h3>\n<h3>\n\t\tLe panneau insonorisant Tekboard Bleu Saint-Georges en vedette!\n\t<\/h3>\n\t<h1>L&#8217;EXPOSITION<br>\n<\/h1>\n<strong><em>SON, QUE DU SON! <br>\n<\/em><\/strong><em>est une production du Mus\u00e9e de la nature et des sciences de Sherbrooke avec les contributions de Patrimoine canadien et du Minist\u00e8re de la culture et des communications. Elle a \u00e9t\u00e9 pens\u00e9e afin de rendre la th\u00e9orie \u00e0 la pratique en ce qui concerne le son.&nbsp;&nbsp; <\/em><br>\n\n<p><em>S\u2019adressant aux enfants et aux adultes, les explications verbales ou \u00e9crites sont adapt\u00e9es en fonction de l\u2019utilisateur. Plusieurs personnes ont eu la chance de visiter l\u2019exposition \u00e0 l\u2019\u00e9t\u00e9 2019 pr\u00e9sent\u00e9e au Mus\u00e9e de la nature et des sciences de Sherbrooke (MNS<sup>2<\/sup>) et \u00e0 l\u2019Exploration Place en Colombie-Britannique de septembre 2019 \u00e0 janvier 2020. <\/em><\/p>\n\t<p>Voici les prochaines dates et endroits de l&#8217;exposition:<\/p>\n<ul>\n<li>Place Resurgo, Mus\u00e9e de Moncton, Moncton, NB \u2013 25 janvier au 5 avril 2020<\/li>\n<li>Mus\u00e9e r\u00e9gional de Rimouski, QC \u2013 mi-avril \u00e0 d\u00e9but septembre 2020<\/li>\n<li>THE MUSEUM, Kitchener, ON \u2013 d\u00e9but septembre 2020 \u00e0 d\u00e9but janvier 2021<\/li>\n<li>Galerie d\u2019art de Blainville, Blainville, QC \u2013 janvier au 31 mars 2021<\/li>\n<li>DISPONIBLE \u2013 d\u00e9but avril 2021 et plus<\/li>\n<li>Pour conna\u00eetre l\u2019itin\u00e9raire officiel, visitez leur site Internet&nbsp;: <a href=\"https:\/\/creation-innovation.mns2.ca\/itinerantes\/voyage-dans-le-son\/\">https:\/\/creation-innovation.mns2.ca\/itinerantes\/voyage-dans-le-son\/<\/a><\/li>\n<\/ul>\n\t<h2>PANNEAUX ACOUSTIQUES MURAUX FELTK\u00dcTUR&nbsp; <\/h2>\n<p>Lors de votre visite, vous pouvez apercevoir les panneaux acoustiques Feltk\u00fctur, distribu\u00e9s par Richelieu. Le produit Tekboard est utilis\u00e9 \u00e0 titre de pr\u00e9sentoir o\u00f9 de l\u2019information acoustique y est install\u00e9e gr\u00e2ce au syst\u00e8me de Velcro. Les panneaux cr\u00e9ent \u00e9galement une s\u00e9paration entre les zones d\u2019activit\u00e9s. Afin de marier l\u2019ambiance acoustique, l\u2019\u00e9clairage et l\u2019\u00e9nergie sonore, le feutre D\u00fcotex<sup>TM<\/sup> Bleu Saint-Georges est \u00e0 l\u2019honneur gr\u00e2ce au panneau insonorisant Tekboard.<\/p>\n<p>L\u2019\u00e9quipe Panolite, partenaire dans la fabrication du Tekboard, a con\u00e7u un panneau insonorisant personnalis\u00e9, r\u00e9pondant aux besoins du Mus\u00e9e. Puisque l\u2019exposition est itin\u00e9rante, il doit \u00eatre facile de monter et d\u00e9monter les composantes en feutre. Gr\u00e2ce au syst\u00e8me sans vis Roto-lock, l\u2019assemblage des panneaux acoustiques est r\u00e9alis\u00e9 tr\u00e8s rapidement. De plus, les affiches \u00e9ducatives sont appliqu\u00e9es sur le feutre du Tekboard gr\u00e2ce au syst\u00e8me de Velcro. Avec les capacit\u00e9s et comp\u00e9tences de Panolite, la structure du Tekboard a \u00e9t\u00e9 con\u00e7ue afin de permettre de passer des fils \u00e9lectriques dans les panneaux pour l\u2019utilisation de lumi\u00e8res D.E.L.<\/p>\n<p>&nbsp;<\/p>\n<p>F\u00e9licitation \u00e0 l&#8217;\u00e9quipe du MNS<sup>2<\/sup> pour cette exposition \u00e9ducative!<\/p>\n\t<p>Pour plus d\u2019informations sur l\u2019exposition, visitez leur site Internet&nbsp;: <a href=\"https:\/\/creation-innovation.mns2.ca\/\">https:\/\/creation-innovation.mns2.ca\/<\/a><\/p>\n\tSi vous d\u00e9sirez en conna\u00eetre davantage sur les panneaux acoustiques ou si vous avez un projet qui n\u00e9cessite des panneaux insonorisants, des tuiles acoustiques, des murs acoustiques ou toute autre demande pour du feutre, n&#8217;h\u00e9sitez pas \u00e0 contacter votre repr\u00e9sentant de Quincaillerie Richelieu:<br>\n<a href=\"https:\/\/feltkutur.com\/fr\/panneaux-acoustiques-tekboard\/\">https:\/\/feltkutur.com\/fr\/panneaux-acoustiques-tekboard\/<\/a>\n\t\t\t\t<img decoding=\"async\" src=\"https:\/\/feltkutur.com\/wp-content\/uploads\/richelieu.png\" alt=\"richelieu\" itemprop=\"image\" title=\"richelieu\" width=\"252\" height=\"163\">\n","protected":false},"excerpt":{"rendered":"<p>Exposition itin\u00e9rante: SON, QUE DU SON! Le panneau insonorisant Tekboard Bleu Saint-Georges en vedette! L&#8217;EXPOSITION SON, QUE DU SON! est une production du Mus\u00e9e de la nature et des sciences de Sherbrooke avec les contributions de Patrimoine canadien et du Minist\u00e8re de la culture et des communications. Elle a \u00e9t\u00e9 pens\u00e9e afin de rendre la [&#8230;]<\/p>\n<p><a class=\"btn btn-secondary understrap-read-more-link\" href=\"https:\/\/feltkutur.com\/fr\/exposition-itinerante\/\">Read More&#8230;<\/a><\/p>\n","protected":false},"author":1,"featured_media":0,"parent":0,"menu_order":0,"comment_status":"closed","ping_status":"closed","template":"","meta":{"_seopress_robots_primary_cat":"","_seopress_titles_title":"","_seopress_titles_desc":"Exposition itin\u00e9rante: SON, QUE DU SON!Le panneau insonorisant Tekboard Bleu Saint-Georges en vedette!","_seopress_robots_index":"","footnotes":""},"class_list":["post-2400","page","type-page","status-publish"],"_links":{"self":[{"href":"https:\/\/feltkutur.com\/fr\/wp-json\/wp\/v2\/pages\/2400","targetHints":{"allow":["GET"]}}],"collection":[{"href":"https:\/\/feltkutur.com\/fr\/wp-json\/wp\/v2\/pages"}],"about":[{"href":"https:\/\/feltkutur.com\/fr\/wp-json\/wp\/v2\/types\/page"}],"author":[{"embeddable":true,"href":"https:\/\/feltkutur.com\/fr\/wp-json\/wp\/v2\/users\/1"}],"replies":[{"embeddable":true,"href":"https:\/\/feltkutur.com\/fr\/wp-json\/wp\/v2\/comments?post=2400"}],"version-history":[{"count":0,"href":"https:\/\/feltkutur.com\/fr\/wp-json\/wp\/v2\/pages\/2400\/revisions"}],"wp:attachment":[{"href":"https:\/\/feltkutur.com\/fr\/wp-json\/wp\/v2\/media?parent=2400"}],"curies":[{"name":"wp","href":"https:\/\/api.w.org\/{rel}","templated":true}]}}