{"id":2153,"date":"2019-07-08T19:58:04","date_gmt":"2019-07-08T19:58:04","guid":{"rendered":"http:\/\/feltkutur.com\/architecture-b\/"},"modified":"2019-07-08T20:31:02","modified_gmt":"2019-07-08T20:31:02","slug":"architecture-b","status":"publish","type":"page","link":"https:\/\/feltkutur.com\/fr\/architecture-b\/","title":{"rendered":"Architecture B"},"content":{"rendered":"<h3>\n\t\tUN PROJET SIGN\u00c9\n\t<\/h3>\n<h3>\n\t\tB | ARCHITECTURE\n\t<\/h3>\n\t\t\t\t<img decoding=\"async\" src=\"http:\/\/feltkutur.com\/wp-content\/plugins\/bb-plugin\/img\/pixel.png\" alt=\"\" itemprop=\"image\"  \/>\n\t\t\t\t<img decoding=\"async\" src=\"http:\/\/feltkutur.com\/wp-content\/uploads\/Capture-30-300x300.jpg\" alt=\"Capture\" itemprop=\"image\" height=\"300\" width=\"300\" title=\"Capture\"  \/>\n\t<h3>Chlo\u00e9 Barab\u00e9, architecte propri\u00e9taire de B | Architecture, situ\u00e9e \u00e0 Qu\u00e9bec, est une personne inspirante. Depuis le d\u00e9but de sa pratique professionnelle en architecture en 2010, Chlo\u00e9 a eu l\u2019occasion de d\u00e9montrer sa polyvalence : de ses aptitudes en conception \u00e0 son int\u00e9r\u00eat pour les derni\u00e8res technologies ainsi que son habilit\u00e9 \u00e0 g\u00e9rer des projets de tous types. Sensible aux caract\u00e9ristiques spatiales, aux ambiances et \u00e0 l\u2019esth\u00e9tique de la mati\u00e8re, elle a activement particip\u00e9 \u00e0 de nombreux projets laur\u00e9ats, en architecture et design comme en mus\u00e9ographie. <\/h3>\n<p>\u00a0<\/p>\n\t<h3>B | Architecture a \u00e9t\u00e9 officiellement incorpor\u00e9e l\u2019\u00e9t\u00e9 dernier. La compagnie se sp\u00e9cialise dans trois diff\u00e9rents secteurs; le r\u00e9sidentiel, les expositions mus\u00e9ales et Chlo\u00e9 d\u00e9sire davantage exploiter le secteur commercial. Pour y arriver, elle s\u2019est vite rendu compte qu\u2019elle devait ajouter des alli\u00e9s \u00e0 son \u00e9quipe afin de faire grandir sa firme et r\u00e9pondre \u00e0 tous ses projets. Un an apr\u00e8s son incorporation, son \u00e9quipe compte trois personnes; deux architectes et un designer. Ces personnes savent faire d\u2019un environnement un espace agr\u00e9able et \u00e0 l\u2019image de leurs clients.<\/h3>\n<p>&nbsp;<\/p>\n\t\t\t\t<img decoding=\"async\" src=\"http:\/\/feltkutur.com\/wp-content\/uploads\/webpistagnesi-doyon\u00a9marjorieroyoptiquephoto_W4A7891-HDR-Modifier-1.jpg\" alt=\"webpistagnesi-doyon\u00a9marjorieroyoptiquephoto_W4A7891-HDR-Modifier\" itemprop=\"image\" height=\"630\" width=\"785\" title=\"webpistagnesi-doyon\u00a9marjorieroyoptiquephoto_W4A7891-HDR-Modifier\"  \/>\n<h3>\n\t\tLes nouveaux bureaux de\u00a0Pistagnesi-Doyon\n\t<\/h3>\n\t\t\t\t<img decoding=\"async\" src=\"http:\/\/feltkutur.com\/wp-content\/uploads\/webpistagnesi-doyon\u00a9marjorieroyoptiquephoto_W4A7879-HDR-Modifier-1.jpg\" alt=\"webpistagnesi-doyon\u00a9marjorieroyoptiquephoto_W4A7879-HDR-Modifier\" itemprop=\"image\" height=\"630\" width=\"420\" title=\"webpistagnesi-doyon\u00a9marjorieroyoptiquephoto_W4A7879-HDR-Modifier\"  \/>\n<h3>\n\t\tLes nouveaux bureaux de Pistagnesi-Doyon\n\t<\/h3>\n\t<h3>Nous avons eu la chance de rencontrer Chlo\u00e9 gr\u00e2ce au fruit de son travail pour les nouveaux bureaux de Pistagnesi-Doyon, o\u00f9 l\u2019utilisation des feutres Feltk\u00fctur se mariait parfaitement avec les autres mat\u00e9riaux du d\u00e9cor. Le client, devant d\u00e9m\u00e9nager dans un autre local, avait comme objectif d\u2019offrir un milieu de travail confortable et stimulant \u00e0 ses employ\u00e9s. Voyant les caract\u00e9ristiques du local; un plafond en b\u00e9ton et un plancher en bois franc, elle savait que l\u2019acoustique serait un enjeu. Elle s\u2019est rappel\u00e9e des propri\u00e9t\u00e9s acoustiques des produits D\u00fcotex de Feltk\u00fctur qui pouvaient l\u2019aider \u00e0 cr\u00e9er une ambiance conviviale tel que d\u00e9sir\u00e9 par son client. Dans son concept, les panneaux de feutre servent \u00e9galement \u00e0 cr\u00e9er des s\u00e9parations entre les diff\u00e9rentes pi\u00e8ces afin d\u2019offrir des espaces de travail physiques. C\u2019est apr\u00e8s plusieurs heures de travail que Chlo\u00e9 peut maintenant vous pr\u00e9senter les photos de sa r\u00e9alisation. <\/h3>\n\t<h1>Avantages des panneaux Feltk\u00fctur<\/h1>\n<ul>\n<li><strong>Fait au Qu\u00e9bec<\/strong><\/li>\n<li><strong>D\u00e9coupe personnalis\u00e9e<\/strong><\/li>\n<li><strong>Couleurs tendances <\/strong><\/li>\n<\/ul>\n\t\t\t\t<img decoding=\"async\" src=\"http:\/\/feltkutur.com\/wp-content\/uploads\/B-2019-002-300x276.jpg\" alt=\"B 2019 (002)\" itemprop=\"image\" height=\"276\" width=\"300\" title=\"B 2019 (002)\"  \/>\n<h3>\n\t\tUN PROJET CR\u00c9\u00c9 PAR\n\t<\/h3>\n<h3>\n\t\tChlo\u00e9 Barab\u00e9, architecte propri\u00e9taire de B | Architecture.\n\t<\/h3>\n","protected":false},"excerpt":{"rendered":"<p>UN PROJET SIGN\u00c9 B | ARCHITECTURE Chlo\u00e9 Barab\u00e9, architecte propri\u00e9taire de B | Architecture, situ\u00e9e \u00e0 Qu\u00e9bec, est une personne inspirante. Depuis le d\u00e9but de sa pratique professionnelle en architecture en 2010, Chlo\u00e9 a eu l\u2019occasion de d\u00e9montrer sa polyvalence : de ses aptitudes en conception \u00e0 son int\u00e9r\u00eat pour les derni\u00e8res technologies ainsi que [&#8230;]<\/p>\n<p><a class=\"btn btn-secondary understrap-read-more-link\" href=\"https:\/\/feltkutur.com\/fr\/architecture-b\/\">Read More&#8230;<\/a><\/p>\n","protected":false},"author":1,"featured_media":0,"parent":0,"menu_order":0,"comment_status":"closed","ping_status":"closed","template":"","meta":{"_seopress_robots_primary_cat":"","_seopress_titles_title":"","_seopress_titles_desc":"","_seopress_robots_index":"","footnotes":""},"class_list":["post-2153","page","type-page","status-publish"],"_links":{"self":[{"href":"https:\/\/feltkutur.com\/fr\/wp-json\/wp\/v2\/pages\/2153","targetHints":{"allow":["GET"]}}],"collection":[{"href":"https:\/\/feltkutur.com\/fr\/wp-json\/wp\/v2\/pages"}],"about":[{"href":"https:\/\/feltkutur.com\/fr\/wp-json\/wp\/v2\/types\/page"}],"author":[{"embeddable":true,"href":"https:\/\/feltkutur.com\/fr\/wp-json\/wp\/v2\/users\/1"}],"replies":[{"embeddable":true,"href":"https:\/\/feltkutur.com\/fr\/wp-json\/wp\/v2\/comments?post=2153"}],"version-history":[{"count":0,"href":"https:\/\/feltkutur.com\/fr\/wp-json\/wp\/v2\/pages\/2153\/revisions"}],"wp:attachment":[{"href":"https:\/\/feltkutur.com\/fr\/wp-json\/wp\/v2\/media?parent=2153"}],"curies":[{"name":"wp","href":"https:\/\/api.w.org\/{rel}","templated":true}]}}